{"id":85,"date":"2019-11-11T16:41:41","date_gmt":"2019-11-11T16:41:41","guid":{"rendered":"http:\/\/s355038028.online.de\/?page_id=85"},"modified":"2025-11-01T16:28:48","modified_gmt":"2025-11-01T15:28:48","slug":"gauschuetzenmeisteramt","status":"publish","type":"page","link":"https:\/\/gau-krumbach.de\/?page_id=85","title":{"rendered":"Gausch\u00fctzenmeisteramt"},"content":{"rendered":"\n<table style=\"border-collapse: collapse; width: 100%;\">\n<tbody>\n<tr>\n<td style=\"width: 100%;\">\n<table style=\"border-collapse: collapse; width: 100%; height: 621px;\">\n<tbody>\n<tr style=\"height: 23px;\">\n<td style=\"width: 9.10888%; height: 23px; text-align: left;\"><strong>1. Gausch\u00fctzenmeister<\/strong><\/td>\n<td style=\"width: 41.359%; height: 23px; text-align: left;\">Helmut Konrad<\/td>\n<\/tr>\n<tr style=\"height: 23px;\">\n<td style=\"width: 9.10888%; height: 23px; text-align: left;\"><strong>2. Gausch\u00fctzenmeister<\/strong><\/td>\n<td style=\"width: 41.359%; height: 23px; text-align: left;\">Christian Kreuzer<\/td>\n<\/tr>\n<tr style=\"height: 23px;\">\n<td style=\"width: 9.10888%; height: 23px; text-align: left;\"><strong>1. Gausportleiter<\/strong><\/td>\n<td style=\"width: 41.359%; height: 23px; text-align: left;\">Bernhard Fendt<\/td>\n<\/tr>\n<tr style=\"height: 23px;\">\n<td style=\"width: 9.10888%; height: 23px; text-align: left;\"><strong>Gau-Schatzmeister<\/strong><\/td>\n<td style=\"width: 41.359%; height: 23px; text-align: left;\">Marion Fendt<\/td>\n<\/tr>\n<tr style=\"height: 23px;\">\n<td style=\"width: 9.10888%; height: 23px; text-align: left;\"><strong>Gau-Schriftf\u00fchrer<\/strong><\/td>\n<td style=\"width: 41.359%; height: 23px; text-align: left;\">Ursula Kreuzer<\/td>\n<\/tr>\n<tr style=\"height: 23px;\">\n<td style=\"width: 9.10888%; height: 23px; text-align: left;\"><strong>1. Jugendleiter<\/strong><\/td>\n<td style=\"width: 41.359%; height: 23px; text-align: left;\">Sven Roth, Julia Gappe (Kommisarisch)<\/td>\n<\/tr>\n<tr style=\"height: 23px;\">\n<td style=\"width: 9.10888%; height: 23px; text-align: left;\"><strong>2. Jugendleiter<\/strong><\/td>\n<td style=\"width: 41.359%; height: 23px; text-align: left;\">Michaela Kreuzer<\/td>\n<\/tr>\n<tr style=\"height: 23px;\">\n<td style=\"width: 9.10888%; text-align: left; height: 23px;\"><strong>Gau-Damenleiterin<\/strong><\/td>\n<td style=\"width: 41.359%; text-align: left; height: 23px;\">Marion Fendt<\/td>\n<\/tr>\n<tr style=\"height: 23px;\">\n<td style=\"width: 9.10888%; text-align: left; height: 23px;\"><strong>Rundenwettkampfleiter<br \/><\/strong><\/td>\n<td style=\"width: 41.359%; text-align: left; height: 23px;\">Torsten K\u00fchl<\/td>\n<\/tr>\n<tr style=\"height: 23px;\">\n<td style=\"width: 9.10888%; height: 23px; text-align: left;\"><strong>Fachsportleiter Wurfscheibe<\/strong><\/td>\n<td style=\"width: 41.359%; height: 23px; text-align: left;\">Karl-Heinz Peragovics<\/td>\n<\/tr>\n<tr style=\"height: 23px;\">\n<td style=\"width: 9.10888%; text-align: left; height: 23px;\"><strong>Fachsportleiter Vorderlader<\/strong><\/td>\n<td style=\"width: 41.359%; text-align: left; height: 23px;\">Roland Brandl<\/td>\n<\/tr>\n<tr style=\"height: 23px;\">\n<td style=\"width: 9.10888%; text-align: left; height: 23px;\"><strong>Referent Gewehr<\/strong><\/td>\n<td style=\"width: 41.359%; text-align: left; height: 23px;\">Christian Kiederle<\/td>\n<\/tr>\n<tr style=\"height: 23px;\">\n<td style=\"width: 9.10888%; height: 23px; text-align: left;\"><strong>Referent Pistole<\/strong><\/td>\n<td style=\"width: 41.359%; height: 23px; text-align: left;\">Stefan Kreuzer<\/td>\n<\/tr>\n<tr style=\"height: 23px;\">\n<td style=\"width: 9.10888%; height: 23px; text-align: left;\"><strong>Referent Bogen<\/strong><\/td>\n<td style=\"width: 41.359%; height: 23px; text-align: left;\">\u00a0<\/td>\n<\/tr>\n<tr style=\"height: 23px;\">\n<td style=\"width: 9.10888%; text-align: left; height: 23px;\"><strong>Referent Bogen<\/strong><\/td>\n<td style=\"width: 41.359%; text-align: left; height: 23px;\">\u00a0<\/td>\n<\/tr>\n<tr style=\"height: 23px;\">\n<td style=\"width: 9.10888%; text-align: left; height: 23px;\"><strong>\u00a0<\/strong><\/td>\n<td style=\"width: 41.359%; text-align: left; height: 23px;\">\u00a0<\/td>\n<\/tr>\n<tr style=\"height: 23px;\">\n<td style=\"width: 9.10888%; text-align: left; height: 23px;\"><strong>Referent B\u00f6ller<\/strong><\/td>\n<td style=\"width: 41.359%; text-align: left; height: 23px;\">\u00a0<\/td>\n<\/tr>\n<tr style=\"height: 23px;\">\n<td style=\"width: 9.10888%; text-align: left; height: 23px;\"><strong>Referent Mitglieder<\/strong><\/td>\n<td style=\"width: 41.359%; text-align: left; height: 23px;\">Wolfgang Linderm\u00fcller<\/td>\n<\/tr>\n<tr style=\"height: 23px;\">\n<td style=\"width: 9.10888%; text-align: left; height: 23px;\"><strong>Referent Vorderlader<\/strong><\/td>\n<td style=\"width: 41.359%; text-align: left; height: 23px;\">Roland Brandl<\/td>\n<\/tr>\n<tr style=\"height: 23px;\">\n<td style=\"width: 9.10888%; text-align: left; height: 23px;\"><strong>Referent Neue Medien<\/strong><\/td>\n<td style=\"width: 41.359%; text-align: left; height: 23px;\">Ludwig Kreuzer<\/td>\n<\/tr>\n<tr style=\"height: 23px;\">\n<td style=\"width: 9.10888%; text-align: left; height: 23px;\"><strong>Behindertenreferent<br \/><\/strong><\/td>\n<td style=\"width: 41.359%; text-align: left; height: 23px;\">Bernhard Fendt<\/td>\n<\/tr>\n<tr style=\"height: 23px;\">\n<td style=\"width: 9.10888%; text-align: left; height: 23px;\"><strong>Referent Schulung<br \/><\/strong><\/td>\n<td style=\"width: 41.359%; text-align: left; height: 23px;\">Bernhard Fendt<\/td>\n<\/tr>\n<tr style=\"height: 23px;\">\n<td style=\"width: 9.10888%; text-align: left; height: 23px;\"><strong>1. Gau-Jugendsprecher<\/strong><\/td>\n<td style=\"width: 41.359%; height: 23px; text-align: left;\">Zimmermann Noah<\/td>\n<\/tr>\n<tr style=\"height: 23px;\">\n<td style=\"width: 9.10888%; height: 23px; text-align: left;\"><strong>1.Gau-Jugendsprecherin<\/strong><\/td>\n<td style=\"width: 41.359%; height: 23px; text-align: left;\">Hartberger Lina<\/td>\n<\/tr>\n<tr style=\"height: 23px;\">\n<td style=\"width: 9.10888%; height: 23px; text-align: left;\"><strong>2. Gau-Jugendsprecher<\/strong><\/td>\n<td style=\"width: 41.359%; height: 23px; text-align: left;\">Harder Franz-Josef<\/td>\n<\/tr>\n<tr style=\"height: 23px;\">\n<td style=\"width: 9.10888%; height: 23px; text-align: left;\"><strong>3. Gau-Jugendsprecher<\/strong><\/td>\n<td style=\"width: 41.359%; height: 23px; text-align: left;\">Ott Matheo<\/td>\n<\/tr>\n<tr style=\"height: 23px;\">\n<td style=\"width: 9.10888%; height: 23px; text-align: left;\"><strong>F\u00e4hnerich<br \/><\/strong><\/td>\n<td style=\"width: 41.359%; height: 23px; text-align: left;\">Stefan Kreuzer<\/td>\n<\/tr>\n<\/tbody>\n<\/table>\n<\/td>\n<\/tr>\n<\/tbody>\n<\/table>\n\n\n\n<p><\/p>\n","protected":false},"excerpt":{"rendered":"<p>1. Gausch\u00fctzenmeister Helmut Konrad 2. Gausch\u00fctzenmeister Christian Kreuzer 1. Gausportleiter Bernhard Fendt Gau-Schatzmeister Marion Fendt Gau-Schriftf\u00fchrer Ursula Kreuzer 1. Jugendleiter Sven Roth, Julia Gappe (Kommisarisch) 2. Jugendleiter Michaela Kreuzer Gau-Damenleiterin Marion Fendt Rundenwettkampfleiter Torsten&#46;&#46;&#46;<\/p>\n","protected":false},"author":1,"featured_media":0,"parent":0,"menu_order":0,"comment_status":"closed","ping_status":"closed","template":"","meta":[],"_links":{"self":[{"href":"https:\/\/gau-krumbach.de\/index.php?rest_route=\/wp\/v2\/pages\/85"}],"collection":[{"href":"https:\/\/gau-krumbach.de\/index.php?rest_route=\/wp\/v2\/pages"}],"about":[{"href":"https:\/\/gau-krumbach.de\/index.php?rest_route=\/wp\/v2\/types\/page"}],"author":[{"embeddable":true,"href":"https:\/\/gau-krumbach.de\/index.php?rest_route=\/wp\/v2\/users\/1"}],"replies":[{"embeddable":true,"href":"https:\/\/gau-krumbach.de\/index.php?rest_route=%2Fwp%2Fv2%2Fcomments&post=85"}],"version-history":[{"count":13,"href":"https:\/\/gau-krumbach.de\/index.php?rest_route=\/wp\/v2\/pages\/85\/revisions"}],"predecessor-version":[{"id":2158,"href":"https:\/\/gau-krumbach.de\/index.php?rest_route=\/wp\/v2\/pages\/85\/revisions\/2158"}],"wp:attachment":[{"href":"https:\/\/gau-krumbach.de\/index.php?rest_route=%2Fwp%2Fv2%2Fmedia&parent=85"}],"curies":[{"name":"wp","href":"https:\/\/api.w.org\/{rel}","templated":true}]}}