{"id":146,"date":"2019-11-12T19:45:53","date_gmt":"2019-11-12T18:45:53","guid":{"rendered":"http:\/\/s355038028.online.de\/?page_id=146"},"modified":"2026-03-22T17:16:00","modified_gmt":"2026-03-22T16:16:00","slug":"ehrungen","status":"publish","type":"page","link":"https:\/\/gau-krumbach.de\/?page_id=146","title":{"rendered":"Ehrungen"},"content":{"rendered":"\n<p><a href=\"https:\/\/gau-krumbach.de\/wp-content\/uploads\/2019\/11\/Ehrungsordnung_BSSB.pdf\">Ehrungsordnung BSSB<\/a><\/p>\n\n\n\n<p><a href=\"https:\/\/gau-krumbach.de\/wp-content\/uploads\/2019\/11\/Wegweiser-f\u00fcr-Ehrungen-im-Gau-Krumbach.pdf\">Wegweiser f\u00fcr Ehrungen im Gau Krumbach<\/a><\/p>\n\n\n\n<p><\/p>\n\n\n\n<p><a href=\"https:\/\/gau-krumbach.de\/wp-content\/uploads\/1000024667-scaled.jpg\">Ehrungen beim Bezirkssch\u00fctzentag 2026<\/a><\/p>\n\n\n\n<p>Beim Bezirkssch\u00fctzentag 2026 in Wei\u00dfenhorn wurde Martin Niederreiner vom Sch\u00fctzenverein Alpenrose Memmenhausen f\u00fcr seine langj\u00e4hrigen Verdienste als erster Sch\u00fctzenmeister mit der \u201eGro0en Ehrennadel des BSSB\u201c ausgezeichnet. Seit dem 1.Januar 2000 lenkt Martin Niederreiner die Geschicke des Vereins. Er &nbsp;ist zus\u00e4tzlich seit 2010 als Kassenpr\u00fcfer f\u00fcr den Gau Krumbach t\u00e4tig. 1. Landessch\u00fctzenmeister Christian K\u00fchn und Bezirkspr\u00e4sident Ernst Grail \u00fcberreichten Urkunde und Anstecknadel.<\/p>\n\n\n\n<p>Das Gausch\u00fctzenmeisteramt gratuliert herzlich zu dieser Auszeichnung!<\/p>\n\n\n\n<p>Ehrung f\u00fcr 2. B\u00fcrgermeister Gerhard Wei\u00df &#8220;In Verbundenheit&#8221;<\/p>\n","protected":false},"excerpt":{"rendered":"<p>Ehrungsordnung BSSB Wegweiser f\u00fcr Ehrungen im Gau Krumbach Ehrungen beim Bezirkssch\u00fctzentag 2026 Beim Bezirkssch\u00fctzentag 2026 in Wei\u00dfenhorn wurde Martin Niederreiner vom Sch\u00fctzenverein Alpenrose Memmenhausen f\u00fcr seine langj\u00e4hrigen Verdienste als erster Sch\u00fctzenmeister mit der \u201eGro0en&#46;&#46;&#46;<\/p>\n","protected":false},"author":1,"featured_media":0,"parent":0,"menu_order":0,"comment_status":"closed","ping_status":"closed","template":"","meta":[],"_links":{"self":[{"href":"https:\/\/gau-krumbach.de\/index.php?rest_route=\/wp\/v2\/pages\/146"}],"collection":[{"href":"https:\/\/gau-krumbach.de\/index.php?rest_route=\/wp\/v2\/pages"}],"about":[{"href":"https:\/\/gau-krumbach.de\/index.php?rest_route=\/wp\/v2\/types\/page"}],"author":[{"embeddable":true,"href":"https:\/\/gau-krumbach.de\/index.php?rest_route=\/wp\/v2\/users\/1"}],"replies":[{"embeddable":true,"href":"https:\/\/gau-krumbach.de\/index.php?rest_route=%2Fwp%2Fv2%2Fcomments&post=146"}],"version-history":[{"count":8,"href":"https:\/\/gau-krumbach.de\/index.php?rest_route=\/wp\/v2\/pages\/146\/revisions"}],"predecessor-version":[{"id":2264,"href":"https:\/\/gau-krumbach.de\/index.php?rest_route=\/wp\/v2\/pages\/146\/revisions\/2264"}],"wp:attachment":[{"href":"https:\/\/gau-krumbach.de\/index.php?rest_route=%2Fwp%2Fv2%2Fmedia&parent=146"}],"curies":[{"name":"wp","href":"https:\/\/api.w.org\/{rel}","templated":true}]}}